


{"id":11012,"date":"2020-10-02T11:17:00","date_gmt":"2020-10-02T09:17:00","guid":{"rendered":"https:\/\/spacewell.com\/resources\/event\/nordic-workplace-online\/"},"modified":"2023-08-01T06:48:28","modified_gmt":"2023-08-01T04:48:28","slug":"nordic-workplace-online","status":"publish","type":"event","link":"https:\/\/spacewell.com\/sv\/resurser\/evenemang\/nordic-workplace-online\/","title":{"rendered":"Nordic Workplace | Online"},"content":{"rendered":"<div class=\"gb-container gb-container-d8ac5944 gb-container-5731d80c\">\n\n<h2 class=\"gb-headline gb-headline-23c11808 gb-headline-text\">(Konferenspresentation) How Digital Twin Technology is Changing Building Management<\/h2>\n\n<\/div><div class=\"gb-container gb-container-29b44375\">\n<div class=\"gb-container gb-container-8142ff8a gb-container-5731d80c\">\n<div class=\"gb-grid-wrapper gb-grid-wrapper-44bc1bcf\">\n<div class=\"gb-grid-column gb-grid-column-a1e6429b\"><div class=\"gb-container gb-container-a1e6429b\">\n<div class=\"gb-container gb-container-705c14a4\">\n\n<h2 class=\"gb-headline gb-headline-dccc07cf gb-headline-text\">Date<\/h2>\n\n\n<div class=\"gb-container gb-container-98ed1c49\">\n<div class=\"gb-headline gb-headline-f1a4eac2 gb-headline-text\">11-11-2020 9:00 f m<\/div>\n<\/div>\n<\/div>\n\n<div class=\"gb-container gb-container-5fedbd6a\">\n<div class=\"gb-container gb-container-ee182cc0 gb-accordion\">\n<div class=\"gb-container gb-container-d7670df0 gb-accordion__item\" data-transition=\"slide\">\n\n<button class=\"gb-button gb-button-651c1732 gb-accordion__toggle cursor-pointer\"><span class=\"gb-button-text\">Add event to agenda<\/span><span class=\"gb-icon\"><svg xmlns=\"http:\/\/www.w3.org\/2000\/svg\" viewbox=\"0 0 448 512\" width=\"1em\" height=\"1em\" ariahidden=\"true\" role=\"img\" class=\"gb-accordion__icon\"><path d=\"M207.029 381.476L12.686 187.132c-9.373-9.373-9.373-24.569 0-33.941l22.667-22.667c9.357-9.357 24.522-9.375 33.901-.04L224 284.505l154.745-154.021c9.379-9.335 24.544-9.317 33.901.04l22.667 22.667c9.373 9.373 9.373 24.569 0 33.941L240.971 381.476c-9.373 9.372-24.569 9.372-33.942 0z\" fill=\"currentColor\"><\/path><\/svg><svg xmlns=\"http:\/\/www.w3.org\/2000\/svg\" viewbox=\"0 0 448 512\" width=\"1em\" height=\"1em\" ariahidden=\"true\" role=\"img\" class=\"gb-accordion__icon-open\"><path d=\"M240.971 130.524l194.343 194.343c9.373 9.373 9.373 24.569 0 33.941l-22.667 22.667c-9.357 9.357-24.522 9.375-33.901.04L224 227.495 69.255 381.516c-9.379 9.335-24.544 9.317-33.901-.04l-22.667-22.667c-9.373-9.373-9.373-24.569 0-33.941L207.03 130.525c9.372-9.373 24.568-9.373 33.941-.001z\" fill=\"currentColor\"><\/path><\/svg><\/span><\/button>\n\n\n<div class=\"gb-accordion__content\"><div class=\"gb-container gb-container-e9e1165c\">\n<div id=\"add-to-calendar\" class=\"wp-block-create-block-add-to-calendar\">\n\t<div>\n\t\t<a href=\"http:\/\/www.google.com\/calendar\/event?\naction=TEMPLATE&#038;text=Nordic Workplace | Online\n&#038;dates=20201111T080000Z\/20201112T160000Z\n&#038;details=A Spacewell event\n&#038;sprop=https:\/\/spacewell.com\/sv\/resurser\/evenemang\/nordic-workplace-online\/\n&#038;sprop:name=Spacewell\n&#038;src=info@spacewell.com\n&#038;location=\" target=\"_blank\">\n\t\t\t<div class=\"flex items-center has-small-font-size py-0.5\">\n\t\t\t\t<svg height=\"3em\" width=\"3em\" xmlns=\"http:\/\/www.w3.org\/2000\/svg\" viewBox=\"0 0 215.147 215.147\"\n\t\t\t\t\txml:space=\"preserve\">\n\t\t\t\t\t<path\n\t\t\t\t\t\td=\"M22.583 12.391v24.597h-1.264C9.564 36.988 0 46.55 0 58.305v1.127l.168 1.114 7.415 49.08v78.13c0 11.755 9.563 21.317 21.319 21.317h157.343c11.755 0 21.319-9.563 21.319-21.317v-78.13l7.415-49.08.168-1.114v-1.127c0-11.755-9.564-21.317-21.319-21.317h-1.264V12.391a6.318 6.318 0 0 0-6.319-6.317H28.902a6.32 6.32 0 0 0-6.319 6.317zm15 8.683h139.98v15.914H37.583V21.074zm156.245 30.914a6.318 6.318 0 0 1 6.319 6.317l-7.584 50.194v79.257a6.318 6.318 0 0 1-6.319 6.317H28.902a6.318 6.318 0 0 1-6.319-6.317V108.499L15 58.305a6.32 6.32 0 0 1 6.319-6.317h172.509zM55.591 141.714l.008-.296.657-1.971h13.539v2c0 3.252 1.14 5.913 3.485 8.137 2.375 2.25 5.395 3.345 9.232 3.345 3.749 0 6.589-1.099 8.684-3.36 2.135-2.306 3.173-5.278 3.173-9.088 0-4.358-.966-7.604-2.873-9.646-1.87-2.001-4.984-3.017-9.253-3.017H71.542V115.6h10.701c4.082 0 6.935-.941 8.48-2.797 1.635-1.966 2.464-4.852 2.464-8.577 0-3.466-.882-6.152-2.697-8.212-1.749-1.983-4.359-2.947-7.979-2.947-3.585 0-6.447 1.06-8.749 3.239-2.273 2.149-3.377 4.774-3.377 8.027v2H57.052l-.911-1.821-.013-.439c-.198-6.46 2.266-12.04 7.322-16.588 4.977-4.475 11.39-6.743 19.062-6.743 7.74 0 13.935 2.022 18.411 6.012 4.543 4.051 6.846 10.001 6.846 17.688 0 4.021-1.072 7.743-3.187 11.064a20.782 20.782 0 0 1-5.537 5.803c2.689 1.617 4.867 3.708 6.499 6.248 2.26 3.519 3.406 7.795 3.406 12.71 0 7.721-2.51 13.887-7.459 18.326-4.887 4.385-11.273 6.608-18.98 6.608-7.084 0-13.414-2.12-18.814-6.301-5.576-4.314-8.304-10.096-8.106-17.186zm82.983-46.051-17.026.161V83.841l31.661-3.32v83.552h-14.635v-68.41z\"\n\t\t\t\t\t\tfill=\"currentcolor\" \/>\n\t\t\t\t<\/svg>\n\n\t\t\t\t<div class=\"pl-0.5\">\n\t\t\t\t\tL\u00e4gg till i Google Kalender\t\t\t\t<\/div>\n\t\t\t<\/div>\n\t\t<\/a>\n\t<\/div>\n\n\t<div>\n\t\t<a href=\"data:text\/calendar;charset=utf-8,BEGIN%3AVCALENDAR%0AVERSION%3A2.0%0ABEGIN%3AVEVENT%0ADTSTART%3A20201111T080000Z%0ADTEND%3A20201112T160000Z%0ADTSTAMP%3A20260503T091903Z%0AORGANIZER%3BCN%3DSpacewell%3Amailto%3Ainfo%40spacewell.com%0ASUMMARY%3ANordic%20Workplace%20%7C%20Online%0ADESCRIPTION%3AA%20Spacewell%20event%0ALOCATION%3A%0AURL%3Ahttps%3A%2F%2Fspacewell.com%2Fsv%2Fresurser%2Fevenemang%2Fnordic-workplace-online%2F%0AEND%3AVEVENT%0AEND%3AVCALENDAR\" download=\"event.ics\">\n\t\t\t<div class=\"flex items-center has-small-font-size py-0.5\">\n\n\t\t\t\t<svg height=\"3em\" width=\"3em\" xmlns=\"http:\/\/www.w3.org\/2000\/svg\" viewBox=\"0 0 512 512\"\n\t\t\t\t\txml:space=\"preserve\">\n\t\t\t\t\t<path class=\"st0\"\n\t\t\t\t\t\td=\"M118.612 89.298c9.482 0 17.176-7.686 17.176-17.168V17.17c0-9.483-7.694-17.17-17.176-17.17s-17.177 7.687-17.177 17.169v54.96c0 9.482 7.695 17.169 17.177 17.169zM255.992 89.298c9.482 0 17.177-7.686 17.177-17.168V17.17c0-9.483-7.695-17.17-17.177-17.17-9.483 0-17.176 7.687-17.176 17.169v54.96c0 9.482 7.694 17.169 17.176 17.169zM393.372 89.298c9.483 0 17.176-7.686 17.176-17.168V17.17C410.549 7.687 402.855 0 393.372 0c-9.483 0-17.176 7.687-17.176 17.169v54.96c0 9.482 7.694 17.169 17.176 17.169zM186.593 405.072c32.102 0 56.031-21.572 56.031-54.189 0-23.421-13.152-38.94-23.667-43.411v-.524c13.152-8.68 19.982-22.102 19.982-37.097 0-28.942-19.196-49.456-52.608-49.456-28.942 0-48.678 16.575-52.624 38.146-.262 1.573.524 2.892 2.112 3.154l22.357 5.264c1.588.263 2.637-.262 3.161-1.842 3.161-11.048 10.793-18.418 23.945-18.418 14.988 0 23.93 9.999 23.93 24.207 0 15.782-10.253 26.043-26.042 26.043h-7.108c-1.572 0-2.622 1.048-2.622 2.629v20.784c0 1.58 1.049 2.629 2.622 2.629h7.632c17.623 0 29.203 11.055 29.203 29.203 0 15.264-9.729 26.574-26.304 26.574-14.74 0-23.421-8.419-27.106-18.942-.524-1.58-1.836-2.104-3.146-1.842l-22.897 5.266c-1.572.524-2.359 1.834-2.097 3.415 5.521 24.468 27.354 38.407 55.246 38.407zM296.836 277.744l27.352-19.204h.524v141.011c0 1.58 1.064 2.63 2.637 2.63h24.207c1.573 0 2.622-1.049 2.622-2.63V225.914c0-1.573-1.048-2.629-2.622-2.629h-22.372c-2.097 0-3.408.524-4.734 1.58l-28.663 20.784c-1.326 1.048-1.85 2.105-1.85 3.678v26.836c.001 2.106 1.311 2.63 2.899 1.581z\"\n\t\t\t\t\t\tfill=\"currentcolor\" \/>\n\t\t\t\t\t<path class=\"st0\"\n\t\t\t\t\t\td=\"M427.001 44.899h-2.714v27.23c0 17.038-13.861 30.906-30.914 30.906-17.038 0-30.914-13.869-30.914-30.906v-27.23h-75.551v27.23c0 17.038-13.877 30.906-30.914 30.906S225.08 89.166 225.08 72.129v-27.23h-75.552v27.23c0 17.038-13.876 30.906-30.914 30.906S87.698 89.167 87.698 72.129v-27.23H85c-37.082 0-67.133 30.059-67.133 67.133v332.835C17.867 481.941 47.918 512 85 512h342.002c37.066 0 67.133-30.058 67.133-67.133V112.032c-.001-37.074-30.068-67.133-67.134-67.133zm23.853 394.873c0 15.973-12.99 28.964-28.956 28.964H90.103c-15.973 0-28.971-12.99-28.971-28.964V143.116h389.722v296.656z\"\n\t\t\t\t\t\tfill=\"currentcolor\" \/>\n\t\t\t\t<\/svg>\n\t\t\t\t<div class=\"pl-0.5\">\n\t\t\t\t\tLadda ner iCal-fil\t\t\t\t<\/div>\n\t\t\t<\/div>\n\t\t<\/a>\n\t<\/div>\n\n\t<div>\n\t\t<a href=\"https:\/\/outlook.live.com\/calendar\/0\/deeplink\/compose?\nsubject=Nordic+Workplace+%7C+Online\n&#038;location=\n&#038;startdt=2020-11-11T08%3A00%3A00Z\n&#038;enddt=2020-11-12T16%3A00%3A00Z\n&#038;body=A+Spacewell+event\" target=\"_blank\">\n\t\t\t<div class=\"flex items-center has-small-font-size py-0.5\">\n\n\t\t\t\t<svg height=\"3em\" width=\"3em\" xmlns=\"http:\/\/www.w3.org\/2000\/svg\" viewBox=\"0 0 48 48\">\n\t\t\t\t\t<path fill=\"currentcolor\"\n\t\t\t\t\t\td=\"M28 13h14.533c.81 0 1.467.657 1.467 1.467v19.066c0 .81-.657 1.467-1.467 1.467H28V13z\" \/>\n\t\t\t\t\t<path fill=\"#fff\" d=\"M28 17.958h14V33.5H28z\" \/>\n\t\t\t\t\t<path fill=\"currentcolor\" d=\"M27 44 4 39.5v-31L27 4z\" \/>\n\t\t\t\t\t<path fill=\"#fff\"\n\t\t\t\t\t\td=\"M15.25 16.5c-3.176 0-5.75 3.358-5.75 7.5s2.574 7.5 5.75 7.5S21 28.142 21 24s-2.574-7.5-5.75-7.5zm-.25 12c-1.657 0-3-2.015-3-4.5s1.343-4.5 3-4.5 3 2.015 3 4.5-1.343 4.5-3 4.5z\" \/>\n\t\t\t\t\t<path fill=\"currentcolor\"\n\t\t\t\t\t\td=\"M28.047 29.737h2.7v2.9h-2.7zM31.448 29.737h2.7v2.9h-2.7zM34.849 29.737h2.7v2.9h-2.7zM28.047 26.159h2.7v2.9h-2.7zM31.448 26.159h2.7v2.9h-2.7zM34.849 26.159h2.7v2.9h-2.7zM38.25 26.159h2.7v2.9h-2.7zM28.047 22.706h2.7v2.9h-2.7zM31.448 22.706h2.7v2.9h-2.7zM34.849 22.706h2.7v2.9h-2.7zM38.25 22.706h2.7v2.9h-2.7zM31.448 19.112h2.7v2.9h-2.7zM34.849 19.112h2.7v2.9h-2.7zM38.25 19.112h2.7v2.9h-2.7z\" \/>\n\t\t\t\t<\/svg>\n\t\t\t\t<div class=\"pl-0.5\">\n\t\t\t\t\tL\u00e4gg till i kalender i Outlook\t\t\t\t<\/div>\n\n\t\t\t<\/div>\n\t\t<\/a>\n\t<\/div>\n<\/div>\n<\/div><\/div>\n<\/div>\n<\/div>\n<\/div>\n<\/div><\/div>\n\n<div class=\"gb-grid-column gb-grid-column-3b65f8ca\"><div class=\"gb-container gb-container-3b65f8ca\">\n<div class=\"gb-container gb-container-58692297\">\n\n<a class=\"gb-button gb-button-9b3c2a15 gb-button-text gb-button-c33bffb9\" href=\"http:\/\/ifmanwp.se\/\" target=\"_blank\" rel=\"noopener noreferrer\">Mer information<\/a>\n\n<\/div>\n<\/div><\/div>\n<\/div>\n<\/div>\n<\/div><div class=\"gb-container gb-container-93ac7dce gb-container-5731d80c\">\n<div class=\"gb-container gb-container-f23ebb78\">\n<div class=\"gb-container gb-container-d425e8e3\">\n\n<figure class=\"gb-block-image gb-block-image-f1b1709e\"><img loading=\"lazy\" decoding=\"async\" width=\"500\" height=\"500\" class=\"gb-image gb-image-f1b1709e\" src=\"\/wp-content\/uploads\/2023\/06\/carlo-van-der-steen-500x500-1.png\" alt=\"Carlo Van Der Steen\" srcset=\"https:\/\/spacewell.com\/wp-content\/uploads\/2023\/06\/carlo-van-der-steen-500x500-1.png 500w, https:\/\/spacewell.com\/wp-content\/uploads\/2023\/06\/carlo-van-der-steen-500x500-1-250x250.png 250w\" sizes=\"auto, (max-width: 500px) 100vw, 500px\" \/><\/figure>\n\n<\/div>\n\n<div class=\"gb-container gb-container-44b27901\">\n\n<p>G\u00e5 p\u00e5 <a href=\"https:\/\/www.linkedin.com\/in\/carlovandersteen\/\" target=\"_blank\" rel=\"noreferrer noopener\">Carlo Van Der Steens<\/a> f\u00f6redrag den 11 november kl. 14:45<br\/><strong>\u201dHow Digital Twin Technology is Changing Building Management\u201d<\/strong><\/p>\n\n\n\n<p>Nu n\u00e4r BIM h\u00e5ller p\u00e5 att bli en del av fastighetsservicen och kostnaderna f\u00f6r IoT-sensorer minskar finns det en stor aff\u00e4rsnytta med digitala tvillingar f\u00f6r att ge helt nya m\u00f6jligheter till \u00f6kad produktivitet, kostnadsbesparingar, f\u00f6rb\u00e4ttringar i byggnaders livscykler och en allm\u00e4nt b\u00e4ttre anv\u00e4ndarupplevelse. L\u00e4r dig mer p\u00e5 det h\u00e4r f\u00f6redraget.<\/p>\n\n<\/div>\n<\/div>\n<\/div>","protected":false},"excerpt":{"rendered":"<p>(Konferenspresentation) How Digital Twin Technology is Changing Building Management G\u00e5 p\u00e5 Carlo Van Der Steens f\u00f6redrag den 11 november kl. 14:45\u201dHow Digital Twin Technology is Changing Building Management\u201d Nu n\u00e4r BIM h\u00e5ller p\u00e5 att bli en del av fastighetsservicen och kostnaderna f\u00f6r IoT-sensorer minskar finns det en stor aff\u00e4rsnytta med digitala tvillingar f\u00f6r att ge &#8230; <a title=\"Nordic Workplace | Online\" class=\"read-more\" href=\"https:\/\/spacewell.com\/sv\/resurser\/evenemang\/nordic-workplace-online\/\" aria-label=\"L\u00e4s mer om Nordic Workplace | Online\">L\u00e4s mer<\/a><\/p>\n","protected":false},"featured_media":10828,"template":"","meta":{"_acf_changed":false,"footnotes":""},"event-category":[122],"class_list":["post-11012","event","type-event","status-publish","has-post-thumbnail","hentry","event-category-live-evenemang","no-featured-image-padding"],"acf":{"start_date_time":"2020-11-11 09:00:00","end_date_time":"2020-11-12 17:00:00","timezone":"Europe\/Brussels","location":null},"yoast_head":"<!-- This site is optimized with the Yoast SEO Premium plugin v26.0 (Yoast SEO v27.5) - https:\/\/yoast.com\/product\/yoast-seo-premium-wordpress\/ -->\n<title>Nordic Workplace | Online | Spacewell<\/title>\n<meta name=\"description\" content=\"G\u00e5 p\u00e5 Carlo Van Der Steens f\u00f6redrag \u201dHow Digital Twin Technology is Changing Building Management\u201d \u2013 Nordic Workplace den 11 november kl. 14:45\" \/>\n<meta name=\"robots\" content=\"index, follow, max-snippet:-1, max-image-preview:large, max-video-preview:-1\" \/>\n<link rel=\"canonical\" href=\"https:\/\/spacewell.com\/sv\/resurser\/evenemang\/nordic-workplace-online\/\" \/>\n<meta property=\"og:locale\" content=\"sv_SE\" \/>\n<meta property=\"og:type\" content=\"article\" \/>\n<meta property=\"og:title\" content=\"Nordic Workplace | Online\" \/>\n<meta property=\"og:description\" content=\"G\u00e5 p\u00e5 Carlo Van Der Steens f\u00f6redrag \u201dHow Digital Twin Technology is Changing Building Management\u201d \u2013 Nordic Workplace den 11 november kl. 14:45\" \/>\n<meta property=\"og:url\" content=\"https:\/\/spacewell.com\/sv\/resurser\/evenemang\/nordic-workplace-online\/\" \/>\n<meta property=\"og:site_name\" content=\"Spacewell | A Nemetschek Company\" \/>\n<meta property=\"article:publisher\" content=\"https:\/\/www.facebook.com\/SpacewellHQ\" \/>\n<meta property=\"article:modified_time\" content=\"2023-08-01T04:48:28+00:00\" \/>\n<meta property=\"og:image\" content=\"https:\/\/spacewell.com\/wp-content\/uploads\/2023\/07\/nordic-workplace-1200x630-1.jpg\" \/>\n\t<meta property=\"og:image:width\" content=\"1200\" \/>\n\t<meta property=\"og:image:height\" content=\"630\" \/>\n\t<meta property=\"og:image:type\" content=\"image\/jpeg\" \/>\n<meta name=\"twitter:card\" content=\"summary_large_image\" \/>\n<meta name=\"twitter:site\" content=\"@Spacewell_HQ\" \/>\n<script type=\"application\/ld+json\" class=\"yoast-schema-graph\">{\"@context\":\"https:\\\/\\\/schema.org\",\"@graph\":[{\"@type\":\"WebPage\",\"@id\":\"https:\\\/\\\/spacewell.com\\\/sv\\\/resurser\\\/evenemang\\\/nordic-workplace-online\\\/\",\"url\":\"https:\\\/\\\/spacewell.com\\\/sv\\\/resurser\\\/evenemang\\\/nordic-workplace-online\\\/\",\"name\":\"Nordic Workplace | Online | Spacewell\",\"isPartOf\":{\"@id\":\"https:\\\/\\\/spacewell.com\\\/sv\\\/#website\"},\"primaryImageOfPage\":{\"@id\":\"https:\\\/\\\/spacewell.com\\\/sv\\\/resurser\\\/evenemang\\\/nordic-workplace-online\\\/#primaryimage\"},\"image\":{\"@id\":\"https:\\\/\\\/spacewell.com\\\/sv\\\/resurser\\\/evenemang\\\/nordic-workplace-online\\\/#primaryimage\"},\"thumbnailUrl\":\"https:\\\/\\\/spacewell.com\\\/wp-content\\\/uploads\\\/2023\\\/07\\\/nordic-workplace-1200x630-1.jpg\",\"datePublished\":\"2020-10-02T09:17:00+00:00\",\"dateModified\":\"2023-08-01T04:48:28+00:00\",\"description\":\"G\u00e5 p\u00e5 Carlo Van Der Steens f\u00f6redrag \u201dHow Digital Twin Technology is Changing Building Management\u201d \u2013 Nordic Workplace den 11 november kl. 14:45\",\"breadcrumb\":{\"@id\":\"https:\\\/\\\/spacewell.com\\\/sv\\\/resurser\\\/evenemang\\\/nordic-workplace-online\\\/#breadcrumb\"},\"inLanguage\":\"sv-SE\",\"potentialAction\":[{\"@type\":\"ReadAction\",\"target\":[\"https:\\\/\\\/spacewell.com\\\/sv\\\/resurser\\\/evenemang\\\/nordic-workplace-online\\\/\"]}]},{\"@type\":\"ImageObject\",\"inLanguage\":\"sv-SE\",\"@id\":\"https:\\\/\\\/spacewell.com\\\/sv\\\/resurser\\\/evenemang\\\/nordic-workplace-online\\\/#primaryimage\",\"url\":\"https:\\\/\\\/spacewell.com\\\/wp-content\\\/uploads\\\/2023\\\/07\\\/nordic-workplace-1200x630-1.jpg\",\"contentUrl\":\"https:\\\/\\\/spacewell.com\\\/wp-content\\\/uploads\\\/2023\\\/07\\\/nordic-workplace-1200x630-1.jpg\",\"width\":1200,\"height\":630,\"caption\":\"IFMA Nordic Workplace\"},{\"@type\":\"BreadcrumbList\",\"@id\":\"https:\\\/\\\/spacewell.com\\\/sv\\\/resurser\\\/evenemang\\\/nordic-workplace-online\\\/#breadcrumb\",\"itemListElement\":[{\"@type\":\"ListItem\",\"position\":1,\"name\":\"Home\",\"item\":\"https:\\\/\\\/spacewell.com\\\/sv\\\/\"},{\"@type\":\"ListItem\",\"position\":2,\"name\":\"Events\",\"item\":\"https:\\\/\\\/spacewell.com\\\/sv\\\/resurser\\\/evenemang\\\/\"},{\"@type\":\"ListItem\",\"position\":3,\"name\":\"Nordic Workplace | Online\"}]},{\"@type\":\"WebSite\",\"@id\":\"https:\\\/\\\/spacewell.com\\\/sv\\\/#website\",\"url\":\"https:\\\/\\\/spacewell.com\\\/sv\\\/\",\"name\":\"Spacewell | A Nemetschek Company\",\"description\":\"Make buildings work for people\",\"publisher\":{\"@id\":\"https:\\\/\\\/spacewell.com\\\/sv\\\/#organization\"},\"potentialAction\":[{\"@type\":\"SearchAction\",\"target\":{\"@type\":\"EntryPoint\",\"urlTemplate\":\"https:\\\/\\\/spacewell.com\\\/sv\\\/?s={search_term_string}\"},\"query-input\":{\"@type\":\"PropertyValueSpecification\",\"valueRequired\":true,\"valueName\":\"search_term_string\"}}],\"inLanguage\":\"sv-SE\"},{\"@type\":\"Organization\",\"@id\":\"https:\\\/\\\/spacewell.com\\\/sv\\\/#organization\",\"name\":\"Spacewell | A Nemetschek Company\",\"url\":\"https:\\\/\\\/spacewell.com\\\/sv\\\/\",\"logo\":{\"@type\":\"ImageObject\",\"inLanguage\":\"sv-SE\",\"@id\":\"https:\\\/\\\/spacewell.com\\\/sv\\\/#\\\/schema\\\/logo\\\/image\\\/\",\"url\":\"https:\\\/\\\/spacewell.com\\\/wp-content\\\/uploads\\\/2023\\\/05\\\/spacewell-logo-500x88-1.webp\",\"contentUrl\":\"https:\\\/\\\/spacewell.com\\\/wp-content\\\/uploads\\\/2023\\\/05\\\/spacewell-logo-500x88-1.webp\",\"width\":500,\"height\":88,\"caption\":\"Spacewell | A Nemetschek Company\"},\"image\":{\"@id\":\"https:\\\/\\\/spacewell.com\\\/sv\\\/#\\\/schema\\\/logo\\\/image\\\/\"},\"sameAs\":[\"https:\\\/\\\/www.facebook.com\\\/SpacewellHQ\",\"https:\\\/\\\/x.com\\\/Spacewell_HQ\"]}]}<\/script>\n<!-- \/ Yoast SEO Premium plugin. -->","yoast_head_json":{"title":"Nordic Workplace | Online | Spacewell","description":"G\u00e5 p\u00e5 Carlo Van Der Steens f\u00f6redrag \u201dHow Digital Twin Technology is Changing Building Management\u201d \u2013 Nordic Workplace den 11 november kl. 14:45","robots":{"index":"index","follow":"follow","max-snippet":"max-snippet:-1","max-image-preview":"max-image-preview:large","max-video-preview":"max-video-preview:-1"},"canonical":"https:\/\/spacewell.com\/sv\/resurser\/evenemang\/nordic-workplace-online\/","og_locale":"sv_SE","og_type":"article","og_title":"Nordic Workplace | Online","og_description":"G\u00e5 p\u00e5 Carlo Van Der Steens f\u00f6redrag \u201dHow Digital Twin Technology is Changing Building Management\u201d \u2013 Nordic Workplace den 11 november kl. 14:45","og_url":"https:\/\/spacewell.com\/sv\/resurser\/evenemang\/nordic-workplace-online\/","og_site_name":"Spacewell | A Nemetschek Company","article_publisher":"https:\/\/www.facebook.com\/SpacewellHQ","article_modified_time":"2023-08-01T04:48:28+00:00","og_image":[{"width":1200,"height":630,"url":"https:\/\/spacewell.com\/wp-content\/uploads\/2023\/07\/nordic-workplace-1200x630-1.jpg","type":"image\/jpeg"}],"twitter_card":"summary_large_image","twitter_site":"@Spacewell_HQ","schema":{"@context":"https:\/\/schema.org","@graph":[{"@type":"WebPage","@id":"https:\/\/spacewell.com\/sv\/resurser\/evenemang\/nordic-workplace-online\/","url":"https:\/\/spacewell.com\/sv\/resurser\/evenemang\/nordic-workplace-online\/","name":"Nordic Workplace | Online | Spacewell","isPartOf":{"@id":"https:\/\/spacewell.com\/sv\/#website"},"primaryImageOfPage":{"@id":"https:\/\/spacewell.com\/sv\/resurser\/evenemang\/nordic-workplace-online\/#primaryimage"},"image":{"@id":"https:\/\/spacewell.com\/sv\/resurser\/evenemang\/nordic-workplace-online\/#primaryimage"},"thumbnailUrl":"https:\/\/spacewell.com\/wp-content\/uploads\/2023\/07\/nordic-workplace-1200x630-1.jpg","datePublished":"2020-10-02T09:17:00+00:00","dateModified":"2023-08-01T04:48:28+00:00","description":"G\u00e5 p\u00e5 Carlo Van Der Steens f\u00f6redrag \u201dHow Digital Twin Technology is Changing Building Management\u201d \u2013 Nordic Workplace den 11 november kl. 14:45","breadcrumb":{"@id":"https:\/\/spacewell.com\/sv\/resurser\/evenemang\/nordic-workplace-online\/#breadcrumb"},"inLanguage":"sv-SE","potentialAction":[{"@type":"ReadAction","target":["https:\/\/spacewell.com\/sv\/resurser\/evenemang\/nordic-workplace-online\/"]}]},{"@type":"ImageObject","inLanguage":"sv-SE","@id":"https:\/\/spacewell.com\/sv\/resurser\/evenemang\/nordic-workplace-online\/#primaryimage","url":"https:\/\/spacewell.com\/wp-content\/uploads\/2023\/07\/nordic-workplace-1200x630-1.jpg","contentUrl":"https:\/\/spacewell.com\/wp-content\/uploads\/2023\/07\/nordic-workplace-1200x630-1.jpg","width":1200,"height":630,"caption":"IFMA Nordic Workplace"},{"@type":"BreadcrumbList","@id":"https:\/\/spacewell.com\/sv\/resurser\/evenemang\/nordic-workplace-online\/#breadcrumb","itemListElement":[{"@type":"ListItem","position":1,"name":"Home","item":"https:\/\/spacewell.com\/sv\/"},{"@type":"ListItem","position":2,"name":"Events","item":"https:\/\/spacewell.com\/sv\/resurser\/evenemang\/"},{"@type":"ListItem","position":3,"name":"Nordic Workplace | Online"}]},{"@type":"WebSite","@id":"https:\/\/spacewell.com\/sv\/#website","url":"https:\/\/spacewell.com\/sv\/","name":"Spacewell | A Nemetschek Company","description":"Make buildings work for people","publisher":{"@id":"https:\/\/spacewell.com\/sv\/#organization"},"potentialAction":[{"@type":"SearchAction","target":{"@type":"EntryPoint","urlTemplate":"https:\/\/spacewell.com\/sv\/?s={search_term_string}"},"query-input":{"@type":"PropertyValueSpecification","valueRequired":true,"valueName":"search_term_string"}}],"inLanguage":"sv-SE"},{"@type":"Organization","@id":"https:\/\/spacewell.com\/sv\/#organization","name":"Spacewell | A Nemetschek Company","url":"https:\/\/spacewell.com\/sv\/","logo":{"@type":"ImageObject","inLanguage":"sv-SE","@id":"https:\/\/spacewell.com\/sv\/#\/schema\/logo\/image\/","url":"https:\/\/spacewell.com\/wp-content\/uploads\/2023\/05\/spacewell-logo-500x88-1.webp","contentUrl":"https:\/\/spacewell.com\/wp-content\/uploads\/2023\/05\/spacewell-logo-500x88-1.webp","width":500,"height":88,"caption":"Spacewell | A Nemetschek Company"},"image":{"@id":"https:\/\/spacewell.com\/sv\/#\/schema\/logo\/image\/"},"sameAs":["https:\/\/www.facebook.com\/SpacewellHQ","https:\/\/x.com\/Spacewell_HQ"]}]}},"_links":{"self":[{"href":"https:\/\/spacewell.com\/sv\/wp-json\/wp\/v2\/event\/11012","targetHints":{"allow":["GET"]}}],"collection":[{"href":"https:\/\/spacewell.com\/sv\/wp-json\/wp\/v2\/event"}],"about":[{"href":"https:\/\/spacewell.com\/sv\/wp-json\/wp\/v2\/types\/event"}],"version-history":[{"count":0,"href":"https:\/\/spacewell.com\/sv\/wp-json\/wp\/v2\/event\/11012\/revisions"}],"wp:featuredmedia":[{"embeddable":true,"href":"https:\/\/spacewell.com\/sv\/wp-json\/wp\/v2\/media\/10828"}],"wp:attachment":[{"href":"https:\/\/spacewell.com\/sv\/wp-json\/wp\/v2\/media?parent=11012"}],"wp:term":[{"taxonomy":"event-category","embeddable":true,"href":"https:\/\/spacewell.com\/sv\/wp-json\/wp\/v2\/event-category?post=11012"}],"curies":[{"name":"wp","href":"https:\/\/api.w.org\/{rel}","templated":true}]}}